{"id":6733,"date":"2026-04-24T18:03:01","date_gmt":"2026-04-24T18:03:01","guid":{"rendered":"https:\/\/econoler.com\/?post_type=case_study&#038;p=6733"},"modified":"2026-04-24T18:12:37","modified_gmt":"2026-04-24T18:12:37","slug":"poser-les-bases-de-la-gestion-de-lenergie-dans-les-batiments-publics","status":"publish","type":"case_study","link":"https:\/\/econoler.com\/fr\/etudes-de-cas\/poser-les-bases-de-la-gestion-de-lenergie-dans-les-batiments-publics\/","title":{"rendered":"Poser les bases de la gestion de l\u2019\u00e9nergie dans les b\u00e2timents publics"},"content":{"rendered":"\n<section class=\"wp-block-group wp-pattern__text-two-cols is-layout-constrained wp-block-group-is-layout-constrained\">\n<div class=\"wp-block-columns is-layout-flex wp-container-core-columns-is-layout-9d6595d7 wp-block-columns-is-layout-flex\">\n<div class=\"wp-block-column has-blue-2-background-color has-background is-layout-flow wp-block-column-is-layout-flow\">\n<div class=\"wp-block-group is-layout-constrained wp-block-group-is-layout-constrained\">\n<h2 class=\"wp-block-heading\">Transformer les b\u00e2timents publics en moteurs d\u2019efficacit\u00e9 \u00e9nerg\u00e9tique<\/h2>\n<\/div>\n\n\n\n<div class=\"wp-block-group is-layout-constrained wp-block-group-is-layout-constrained\">\n<div style=\"height:var(--wp--preset--spacing--lg)\" aria-hidden=\"true\" class=\"wp-block-spacer\"><\/div>\n\n\n\n<p>Concevoir une voie claire vers l\u2019adoption de l\u2019ISO 50001<\/p>\n<\/div>\n<\/div>\n\n\n\n<div class=\"wp-block-column has-blue-1-background-color has-background is-layout-flow wp-block-column-is-layout-flow\">\n<div class=\"wp-block-group is-layout-constrained wp-block-group-is-layout-constrained\">\n<p class=\"has-large-font-size\">Econoler a mis en \u0153uvre une approche compl\u00e8te et progressive dans chaque pays, combinant diagnostic, mobilisation des parties prenantes et planification strat\u00e9gique.<\/p>\n<\/div>\n\n\n\n<div class=\"wp-block-group is-layout-constrained wp-block-group-is-layout-constrained\">\n<div style=\"height:var(--wp--preset--spacing--lg)\" aria-hidden=\"true\" class=\"wp-block-spacer\"><\/div>\n<\/div>\n<\/div>\n<\/div>\n<\/section>\n\n\n\n<div class=\"wp-block-group wp-pattern__color-spacer is-layout-constrained wp-block-group-is-layout-constrained\">\n<hr class=\"wp-block-separator has-text-color has-blue-3-color has-alpha-channel-opacity has-blue-3-background-color has-background wp-pattern__color-spacer__separator\"\/>\n<\/div>\n\n\n\n<section class=\"wp-block-group wp-pattern__text-two-cols wp-pattern__text-two-cols--spacer-color-right is-layout-constrained wp-block-group-is-layout-constrained\">\n<div class=\"wp-block-columns is-layout-flex wp-container-core-columns-is-layout-9d6595d7 wp-block-columns-is-layout-flex\">\n<div class=\"wp-block-column has-white-background-color has-background is-layout-flow wp-block-column-is-layout-flow\">\n<div class=\"wp-block-group is-layout-constrained wp-block-group-is-layout-constrained\">\n<h2 class=\"wp-block-heading\">Du diagnostic \u00e0 la feuille de route : une approche structur\u00e9e multi-pays<\/h2>\n<\/div>\n<\/div>\n\n\n\n<div class=\"wp-block-column has-green-1-background-color has-background is-layout-flow wp-block-column-is-layout-flow\">\n<div class=\"wp-block-group is-layout-constrained wp-block-group-is-layout-constrained\">\n<h4 class=\"wp-block-heading\">Les principales activit\u00e9s comprenaient :<\/h4>\n\n\n\n<ul class=\"wp-block-list\">\n<li>\u00c9valuation de l\u2019\u00e9tat actuel des syst\u00e8mes de gestion de l\u2019\u00e9nergie dans les b\u00e2timents publics, incluant :\n<ul class=\"wp-block-list\">\n<li>Analyse de la consommation \u00e9nerg\u00e9tique, des types d\u2019activit\u00e9s et des sources d\u2019\u00e9nergie<\/li>\n\n\n\n<li>Classification des sous-secteurs \u00e0 prioriser pour la feuille de route et le plan de promotion<\/li>\n\n\n\n<li>Revue des syst\u00e8mes existants au Mexique, au Honduras et en \u00c9quateur<\/li>\n<\/ul>\n<\/li>\n\n\n\n<li>Cartographie des parties prenantes, identification des acteurs cl\u00e9s, de leurs r\u00f4les, responsabilit\u00e9s et interactions<\/li>\n\n\n\n<li>Analyse r\u00e9glementaire et institutionnelle, couvrant les r\u00e8gles nationales et infranationales, proc\u00e9dures et cadres de gouvernance<\/li>\n\n\n\n<li>Revue des instruments et incitations existants favorisant l\u2019adoption des SGE<\/li>\n\n\n\n<li>Identification des obstacles entravant le d\u00e9veloppement et la mise en \u0153uvre des SGE, diff\u00e9renci\u00e9s par sous-secteur le cas \u00e9ch\u00e9ant<\/li>\n\n\n\n<li>S\u00e9lection des b\u00e2timents publics prioritaires dans chaque pays, bas\u00e9e sur :\n<ul class=\"wp-block-list\">\n<li>Potentiel d\u2019\u00e9conomies d\u2019\u00e9nergie, \u00e9conomique et de r\u00e9duction des \u00e9missions de CO\u2082<\/li>\n\n\n\n<li>Types d\u2019activit\u00e9s r\u00e9alis\u00e9es<\/li>\n\n\n\n<li>Modes de consommation \u00e9nerg\u00e9tique et sources<\/li>\n\n\n\n<li>D\u00e9finition des populations cibles (\u00c9clairage public en \u00c9quateur, \u00e9coles au Mexique et b\u00e2timents administratifs au Honduras)<\/li>\n<\/ul>\n<\/li>\n\n\n\n<li>Identification, analyse et proposition d\u2019incitations financi\u00e8res et non financi\u00e8res pour faciliter la mise en \u0153uvre des SGE<\/li>\n\n\n\n<li>D\u00e9finition des \u00e9l\u00e9ments cl\u00e9s pour la promotion des SGE aux niveaux national et infranational<\/li>\n<\/ul>\n<\/div>\n\n\n\n<div class=\"wp-block-group is-layout-constrained wp-block-group-is-layout-constrained\">\n<div style=\"height:var(--wp--preset--spacing--lg)\" aria-hidden=\"true\" class=\"wp-block-spacer\"><\/div>\n<\/div>\n\n\n\n<p>\u00c0 partir de ces analyses, Econoler a d\u00e9velopp\u00e9 une feuille de route et un plan de promotion et mise en \u0153uvre pour chaque pays, d\u00e9finissant les strat\u00e9gies de mobilisation des parties prenantes, les \u00e9tapes et jalons, les institutions cl\u00e9s impliqu\u00e9es et l\u2019utilisation int\u00e9gr\u00e9e de tous les livrables produits.<\/p>\n\n\n\n<p>Pour soutenir l\u2019adoption initiale, des ateliers en ligne ont \u00e9t\u00e9 organis\u00e9s conjointement avec la BID au Mexique et en \u00c9quateur, pr\u00e9sentant les feuilles de route aux parties prenantes et suscitant l\u2019int\u00e9r\u00eat pour les syst\u00e8mes de gestion de l\u2019\u00e9nergie dans le secteur public.<\/p>\n\n\n\n<div style=\"height:100px\" aria-hidden=\"true\" class=\"wp-block-spacer\"><\/div>\n\n\n\n<hr class=\"wp-block-separator has-text-color has-green-3-color has-alpha-channel-opacity has-green-3-background-color has-background\"\/>\n<\/div>\n<\/div>\n<\/section>\n\n\n\n<div class=\"wp-block-group wp-pattern__color-spacer is-layout-constrained wp-block-group-is-layout-constrained\">\n<hr class=\"wp-block-separator has-text-color has-blue-3-color has-alpha-channel-opacity has-blue-3-background-color has-background wp-pattern__color-spacer__separator\"\/>\n<\/div>\n\n\n\n<section class=\"wp-block-group wp-pattern__text-two-cols is-layout-constrained wp-block-group-is-layout-constrained\">\n<div class=\"wp-block-columns is-layout-flex wp-container-core-columns-is-layout-9d6595d7 wp-block-columns-is-layout-flex\">\n<div class=\"wp-block-column has-blue-1-background-color has-background is-layout-flow wp-block-column-is-layout-flow\">\n<div class=\"wp-block-group is-layout-constrained wp-block-group-is-layout-constrained\">\n<h2 class=\"wp-block-heading\">Fournir aux gouvernements les outils pour avancer<\/h2>\n\n\n\n<p class=\"has-large-font-size\"><\/p>\n<\/div>\n<\/div>\n\n\n\n<div class=\"wp-block-column has-grey-200-background-color has-background is-layout-flow wp-block-column-is-layout-flow\">\n<div class=\"wp-block-group is-layout-constrained wp-block-group-is-layout-constrained\">\n<p>Gr\u00e2ce \u00e0 cette mission, la BID et les gouvernements participants ont obtenu les \u00e9l\u00e9ments n\u00e9cessaires pour mobiliser les parties prenantes de mani\u00e8re coordonn\u00e9e et strat\u00e9gique.<\/p>\n\n\n\n<p>Le projet a transform\u00e9 des donn\u00e9es fragment\u00e9es et des r\u00e9alit\u00e9s institutionnelles complexes en strat\u00e9gies claires et op\u00e9rationnelles, permettant aux gouvernements de progresser vers des pratiques de gestion \u00e9nerg\u00e9tique structur\u00e9es et des am\u00e9liorations durables de l\u2019efficacit\u00e9 \u00e9nerg\u00e9tique dans le secteur public.<\/p>\n<\/div>\n\n\n\n<div class=\"wp-block-group is-layout-constrained wp-block-group-is-layout-constrained\">\n<div style=\"height:var(--wp--preset--spacing--lg)\" aria-hidden=\"true\" class=\"wp-block-spacer\"><\/div>\n<\/div>\n<\/div>\n<\/div>\n<\/section>\n\n\n\n<div class=\"wp-block-group wp-pattern__color-spacer is-layout-constrained wp-block-group-is-layout-constrained\">\n<hr class=\"wp-block-separator has-text-color has-blue-3-color has-alpha-channel-opacity has-blue-3-background-color has-background wp-pattern__color-spacer__separator\"\/>\n<\/div>\n\n\n\n<div class=\"wp-block-group wp-pattern__color-spacer is-layout-constrained wp-block-group-is-layout-constrained\">\n<section class=\"wp-block-group wp-pattern__text-two-cols wp-pattern__text-two-cols--spacer-color-right is-layout-constrained wp-block-group-is-layout-constrained\">\n<div class=\"wp-block-columns is-layout-flex wp-container-core-columns-is-layout-9d6595d7 wp-block-columns-is-layout-flex\">\n<div class=\"wp-block-column is-layout-flow wp-block-column-is-layout-flow\">\n<div class=\"wp-block-group is-layout-constrained wp-block-group-is-layout-constrained\">\n<h2 class=\"wp-block-heading\">Gains pratiques, valeur \u00e0 long terme<\/h2>\n\n\n\n<p class=\"has-large-font-size\">Les institutions publiques et b\u00e2timents gouvernementaux au Mexique, au Honduras et en \u00c9quateur b\u00e9n\u00e9ficient :<\/p>\n\n\n\n<ul class=\"wp-block-list\">\n<li>Un cadre structur\u00e9 pour am\u00e9liorer syst\u00e9matiquement la performance \u00e9nerg\u00e9tique via ISO 50001<\/li>\n\n\n\n<li>Une consommation d\u2019\u00e9nergie r\u00e9duite et des co\u00fbts d\u2019exploitation diminu\u00e9s<\/li>\n\n\n\n<li>Des \u00e9missions de gaz \u00e0 effet de serre r\u00e9duites<\/li>\n\n\n\n<li>Une meilleure planification et prise de d\u00e9cision pour les investissements \u00e9nerg\u00e9tiques dans les actifs publics<\/li>\n\n\n\n<li>Un renforcement des capacit\u00e9s institutionnelles et de la coordination<\/li>\n\n\n\n<li>La capacit\u00e9 de prioriser les b\u00e2timents \u00e0 fort impact et d\u2019\u00e9tendre les programmes d\u2019efficacit\u00e9 \u00e9nerg\u00e9tique au fil du temps<\/li>\n<\/ul>\n<\/div>\n\n\n\n<div class=\"wp-block-group is-layout-constrained wp-block-group-is-layout-constrained\">\n<div style=\"height:var(--wp--preset--spacing--lg)\" aria-hidden=\"true\" class=\"wp-block-spacer\"><\/div>\n<\/div>\n<\/div>\n\n\n\n<div class=\"wp-block-column has-blue-2-background-color has-background is-layout-flow wp-block-column-is-layout-flow\">\n<hr class=\"wp-block-separator has-text-color has-blue-1-color has-alpha-channel-opacity has-blue-1-background-color has-background\"\/>\n<\/div>\n<\/div>\n<\/section>\n<\/div>\n\n\n\n<div class=\"wp-block-group wp-pattern__color-spacer is-layout-constrained wp-block-group-is-layout-constrained\">\n<hr class=\"wp-block-separator has-text-color has-green-3-color has-alpha-channel-opacity has-green-3-background-color has-background wp-pattern__color-spacer__separator\"\/>\n<\/div>\n\n\n\n<section class=\"wp-block-group wp-pattern__text-image has-blue-3-background-color has-background is-layout-constrained wp-block-group-is-layout-constrained\">\n<div class=\"wp-block-columns is-layout-flex wp-container-core-columns-is-layout-9d6595d7 wp-block-columns-is-layout-flex\">\n<div class=\"wp-block-column wp-pattern__text-image__image is-layout-flow wp-block-column-is-layout-flow\" style=\"flex-basis:50%\">\n<figure class=\"wp-block-image size-full\"><img loading=\"lazy\" decoding=\"async\" width=\"4000\" height=\"3000\" src=\"https:\/\/econoler.com\/wp-content\/uploads\/2026\/04\/hector-emilio-gonzalez-19l_3uvpedy-unsplash.jpg\" alt=\"\" class=\"wp-image-6730\" srcset=\"https:\/\/econoler.com\/wp-content\/uploads\/2026\/04\/hector-emilio-gonzalez-19l_3uvpedy-unsplash.jpg 4000w, https:\/\/econoler.com\/wp-content\/uploads\/2026\/04\/hector-emilio-gonzalez-19l_3uvpedy-unsplash-300x225.jpg 300w, https:\/\/econoler.com\/wp-content\/uploads\/2026\/04\/hector-emilio-gonzalez-19l_3uvpedy-unsplash-1024x768.jpg 1024w, https:\/\/econoler.com\/wp-content\/uploads\/2026\/04\/hector-emilio-gonzalez-19l_3uvpedy-unsplash-800x600.jpg 800w, https:\/\/econoler.com\/wp-content\/uploads\/2026\/04\/hector-emilio-gonzalez-19l_3uvpedy-unsplash-1200x900.jpg 1200w, https:\/\/econoler.com\/wp-content\/uploads\/2026\/04\/hector-emilio-gonzalez-19l_3uvpedy-unsplash-1600x1200.jpg 1600w, https:\/\/econoler.com\/wp-content\/uploads\/2026\/04\/hector-emilio-gonzalez-19l_3uvpedy-unsplash-2000x1500.jpg 2000w\" sizes=\"auto, (max-width: 4000px) 100vw, 4000px\" \/><\/figure>\n<\/div>\n\n\n\n<div class=\"wp-block-column wp-pattern__text-image__content is-layout-flow wp-block-column-is-layout-flow\" style=\"flex-basis:50%\">\n<div class=\"wp-block-group wp-pattern__text-image__content__inner is-vertical is-content-justification-space-between is-layout-flex wp-container-core-group-is-layout-b46f1e35 wp-block-group-is-layout-flex\">\n<div class=\"wp-block-group wp-pattern__text-image__content__title-text is-layout-flow wp-block-group-is-layout-flow\">\n<h2 class=\"wp-block-heading wp-pattern__text-image__content__title-text__title has-white-color has-text-color has-link-color wp-elements-4c8428481f9e3cb468b0ef6a3fa5d0d7\">Et apr\u00e8s ? De la feuille de route \u00e0 la mise en \u0153uvre concr\u00e8te<\/h2>\n\n\n\n<p class=\"wp-pattern__text-image__content__title-text__text has-white-color has-text-color has-link-color wp-elements-7a33a30cfe39ce8415751dbe602dc80b\">Apr\u00e8s la finalisation du projet, les feuilles de route et plans de promotion servent d\u2019outils strat\u00e9giques de r\u00e9f\u00e9rence pour la BID et les gouvernements nationaux dans l\u2019\u00e9valuation des prochaines \u00e9tapes pour la mise en \u0153uvre des SGE dans les b\u00e2timents publics.<\/p>\n\n\n\n<p class=\"wp-pattern__text-image__content__title-text__text has-white-color has-text-color has-link-color wp-elements-ee8cccb9aec82acdac2111a49f2d3d6c\">\u00c0 plus long terme, ces livrables constituent une base solide pour de futurs programmes d\u2019investissement, mesures politiques et initiatives d\u2019assistance technique visant \u00e0 d\u00e9ployer l\u2019efficacit\u00e9 \u00e9nerg\u00e9tique \u00e0 grande \u00e9chelle dans les infrastructures publiques. L\u2019approche d\u00e9velopp\u00e9e peut \u00e9galement \u00eatre adapt\u00e9e ou reproduite dans d\u2019autres pays, soutenant les efforts r\u00e9gionaux pour am\u00e9liorer la performance \u00e9nerg\u00e9tique et la durabilit\u00e9 des actifs publics.<\/p>\n<\/div>\n\n\n\n<div class=\"wp-block-group wp-pattern__text-image__content__link is-layout-flow wp-block-group-is-layout-flow\">\n<div class=\"wp-block-buttons is-layout-flex wp-block-buttons-is-layout-flex\">\n<div class=\"wp-block-button\"><a class=\"wp-block-button__link wp-element-button\" href=\"https:\/\/econoler.com\/fr\/services\/analyses-energetiques-audits-identification-de-projets-dee-et-mesurage-et-verification-des-economies-denergie\/\">Concevoir une strat\u00e9gie et un plan d\u2019action en mati\u00e8re d\u2019\u00e9nergie durable<\/a><\/div>\n<\/div>\n<\/div>\n<\/div>\n<\/div>\n<\/div>\n<\/section>\n","protected":false},"excerpt":{"rendered":"<p>Une feuille de route r\u00e9gionale pour d\u00e9ployer ISO 50001 dans les b\u00e2timents publics en Am\u00e9rique latine<\/p>\n","protected":false},"featured_media":6732,"template":"","class_list":["post-6733","case_study","type-case_study","status-publish","has-post-thumbnail","hentry"],"acf":[],"yoast_head":"<!-- This site is optimized with the Yoast SEO plugin v27.0 - https:\/\/yoast.com\/product\/yoast-seo-wordpress\/ -->\n<title>Poser les bases de la gestion de l\u2019\u00e9nergie dans les b\u00e2timents publics | Econoler<\/title>\n<meta name=\"robots\" content=\"index, follow, max-snippet:-1, max-image-preview:large, max-video-preview:-1\" \/>\n<link rel=\"canonical\" href=\"https:\/\/econoler.com\/fr\/etudes-de-cas\/poser-les-bases-de-la-gestion-de-lenergie-dans-les-batiments-publics\/\" \/>\n<meta property=\"og:locale\" content=\"fr_FR\" \/>\n<meta property=\"og:type\" content=\"article\" \/>\n<meta property=\"og:title\" content=\"Poser les bases de la gestion de l\u2019\u00e9nergie dans les b\u00e2timents publics | Econoler\" \/>\n<meta property=\"og:description\" content=\"Une feuille de route r\u00e9gionale pour d\u00e9ployer ISO 50001 dans les b\u00e2timents publics en Am\u00e9rique latine\" \/>\n<meta property=\"og:url\" content=\"https:\/\/econoler.com\/fr\/etudes-de-cas\/poser-les-bases-de-la-gestion-de-lenergie-dans-les-batiments-publics\/\" \/>\n<meta property=\"og:site_name\" content=\"Econoler\" \/>\n<meta property=\"article:modified_time\" content=\"2026-04-24T18:12:37+00:00\" \/>\n<meta property=\"og:image\" content=\"https:\/\/econoler.com\/wp-content\/uploads\/2026\/04\/andres-sanz-uilhne1vcwa-unsplash-1024x683.jpg\" \/>\n\t<meta property=\"og:image:width\" content=\"1024\" \/>\n\t<meta property=\"og:image:height\" content=\"683\" \/>\n\t<meta property=\"og:image:type\" content=\"image\/jpeg\" \/>\n<meta name=\"twitter:card\" content=\"summary_large_image\" \/>\n<meta name=\"twitter:label1\" content=\"Dur\u00e9e de lecture estim\u00e9e\" \/>\n\t<meta name=\"twitter:data1\" content=\"4 minutes\" \/>\n<!-- \/ Yoast SEO plugin. -->","yoast_head_json":{"title":"Poser les bases de la gestion de l\u2019\u00e9nergie dans les b\u00e2timents publics | Econoler","robots":{"index":"index","follow":"follow","max-snippet":"max-snippet:-1","max-image-preview":"max-image-preview:large","max-video-preview":"max-video-preview:-1"},"canonical":"https:\/\/econoler.com\/fr\/etudes-de-cas\/poser-les-bases-de-la-gestion-de-lenergie-dans-les-batiments-publics\/","og_locale":"fr_FR","og_type":"article","og_title":"Poser les bases de la gestion de l\u2019\u00e9nergie dans les b\u00e2timents publics | Econoler","og_description":"Une feuille de route r\u00e9gionale pour d\u00e9ployer ISO 50001 dans les b\u00e2timents publics en Am\u00e9rique latine","og_url":"https:\/\/econoler.com\/fr\/etudes-de-cas\/poser-les-bases-de-la-gestion-de-lenergie-dans-les-batiments-publics\/","og_site_name":"Econoler","article_modified_time":"2026-04-24T18:12:37+00:00","og_image":[{"width":1024,"height":683,"url":"https:\/\/econoler.com\/wp-content\/uploads\/2026\/04\/andres-sanz-uilhne1vcwa-unsplash-1024x683.jpg","type":"image\/jpeg"}],"twitter_card":"summary_large_image","twitter_misc":{"Dur\u00e9e de lecture estim\u00e9e":"4 minutes"},"schema":{"@context":"https:\/\/schema.org","@graph":[{"@type":"WebPage","@id":"https:\/\/econoler.com\/fr\/etudes-de-cas\/poser-les-bases-de-la-gestion-de-lenergie-dans-les-batiments-publics\/","url":"https:\/\/econoler.com\/fr\/etudes-de-cas\/poser-les-bases-de-la-gestion-de-lenergie-dans-les-batiments-publics\/","name":"Poser les bases de la gestion de l\u2019\u00e9nergie dans les b\u00e2timents publics | Econoler","isPartOf":{"@id":"https:\/\/econoler.com\/fr\/#website"},"primaryImageOfPage":{"@id":"https:\/\/econoler.com\/fr\/etudes-de-cas\/poser-les-bases-de-la-gestion-de-lenergie-dans-les-batiments-publics\/#primaryimage"},"image":{"@id":"https:\/\/econoler.com\/fr\/etudes-de-cas\/poser-les-bases-de-la-gestion-de-lenergie-dans-les-batiments-publics\/#primaryimage"},"thumbnailUrl":"https:\/\/econoler.com\/wp-content\/uploads\/2026\/04\/andres-sanz-uilhne1vcwa-unsplash.jpg","datePublished":"2026-04-24T18:03:01+00:00","dateModified":"2026-04-24T18:12:37+00:00","breadcrumb":{"@id":"https:\/\/econoler.com\/fr\/etudes-de-cas\/poser-les-bases-de-la-gestion-de-lenergie-dans-les-batiments-publics\/#breadcrumb"},"inLanguage":"fr-FR","potentialAction":[{"@type":"ReadAction","target":["https:\/\/econoler.com\/fr\/etudes-de-cas\/poser-les-bases-de-la-gestion-de-lenergie-dans-les-batiments-publics\/"]}]},{"@type":"ImageObject","inLanguage":"fr-FR","@id":"https:\/\/econoler.com\/fr\/etudes-de-cas\/poser-les-bases-de-la-gestion-de-lenergie-dans-les-batiments-publics\/#primaryimage","url":"https:\/\/econoler.com\/wp-content\/uploads\/2026\/04\/andres-sanz-uilhne1vcwa-unsplash.jpg","contentUrl":"https:\/\/econoler.com\/wp-content\/uploads\/2026\/04\/andres-sanz-uilhne1vcwa-unsplash.jpg","width":5760,"height":3840},{"@type":"BreadcrumbList","@id":"https:\/\/econoler.com\/fr\/etudes-de-cas\/poser-les-bases-de-la-gestion-de-lenergie-dans-les-batiments-publics\/#breadcrumb","itemListElement":[{"@type":"ListItem","position":1,"name":"Accueil","item":"https:\/\/econoler.com\/fr\/"},{"@type":"ListItem","position":2,"name":"R\u00e9alisations","item":"https:\/\/econoler.com\/fr\/etudes-de-cas\/"},{"@type":"ListItem","position":3,"name":"Poser les bases de la gestion de l\u2019\u00e9nergie dans les b\u00e2timents publics"}]},{"@type":"WebSite","@id":"https:\/\/econoler.com\/fr\/#website","url":"https:\/\/econoler.com\/fr\/","name":"Econoler","description":"","potentialAction":[{"@type":"SearchAction","target":{"@type":"EntryPoint","urlTemplate":"https:\/\/econoler.com\/fr\/?s={search_term_string}"},"query-input":{"@type":"PropertyValueSpecification","valueRequired":true,"valueName":"search_term_string"}}],"inLanguage":"fr-FR"}]}},"_links":{"self":[{"href":"https:\/\/econoler.com\/fr\/wp-json\/wp\/v2\/case_study\/6733","targetHints":{"allow":["GET"]}}],"collection":[{"href":"https:\/\/econoler.com\/fr\/wp-json\/wp\/v2\/case_study"}],"about":[{"href":"https:\/\/econoler.com\/fr\/wp-json\/wp\/v2\/types\/case_study"}],"wp:featuredmedia":[{"embeddable":true,"href":"https:\/\/econoler.com\/fr\/wp-json\/wp\/v2\/media\/6732"}],"wp:attachment":[{"href":"https:\/\/econoler.com\/fr\/wp-json\/wp\/v2\/media?parent=6733"}],"curies":[{"name":"wp","href":"https:\/\/api.w.org\/{rel}","templated":true}]}}