{"id":6727,"date":"2026-04-24T17:34:47","date_gmt":"2026-04-24T17:34:47","guid":{"rendered":"https:\/\/econoler.com\/?post_type=case_study&#038;p=6727"},"modified":"2026-04-24T17:45:12","modified_gmt":"2026-04-24T17:45:12","slug":"concevoir-un-programme-de-transition-energetique-bancable-faisant-des-batiments-publics-des-moteurs-du-changement-durable","status":"publish","type":"case_study","link":"https:\/\/econoler.com\/fr\/etudes-de-cas\/concevoir-un-programme-de-transition-energetique-bancable-faisant-des-batiments-publics-des-moteurs-du-changement-durable\/","title":{"rendered":"Concevoir un programme de transition \u00e9nerg\u00e9tique bancable faisant des b\u00e2timents publics des moteurs du changement durable"},"content":{"rendered":"\n<section class=\"wp-block-group wp-pattern__text-two-cols is-layout-constrained wp-block-group-is-layout-constrained\">\n<div class=\"wp-block-columns is-layout-flex wp-container-core-columns-is-layout-9d6595d7 wp-block-columns-is-layout-flex\">\n<div class=\"wp-block-column has-blue-2-background-color has-background is-layout-flow wp-block-column-is-layout-flow\">\n<div class=\"wp-block-group is-layout-constrained wp-block-group-is-layout-constrained\">\n<h2 class=\"wp-block-heading\">Concevoir l\u2019ossature d\u2019un programme national<\/h2>\n<\/div>\n\n\n\n<div class=\"wp-block-group is-layout-constrained wp-block-group-is-layout-constrained\">\n<div style=\"height:var(--wp--preset--spacing--lg)\" aria-hidden=\"true\" class=\"wp-block-spacer\"><\/div>\n<\/div>\n<\/div>\n\n\n\n<div class=\"wp-block-column has-blue-1-background-color has-background is-layout-flow wp-block-column-is-layout-flow\">\n<div class=\"wp-block-group is-layout-constrained wp-block-group-is-layout-constrained\">\n<p class=\"has-large-font-size\">En tant que consultant principal, le mandat d\u2019Econoler s\u2019est articul\u00e9 autour de deux phases, avec pour objectif global de permettre aux institutions publiques d\u2019am\u00e9liorer leur performance \u00e9nerg\u00e9tique tout en mettant en place un cadre robuste pour la mise en \u0153uvre et l\u2019appropriation \u00e0 long terme du programme.<\/p>\n<\/div>\n\n\n\n<div class=\"wp-block-group is-layout-constrained wp-block-group-is-layout-constrained\">\n<div style=\"height:var(--wp--preset--spacing--lg)\" aria-hidden=\"true\" class=\"wp-block-spacer\"><\/div>\n<\/div>\n<\/div>\n<\/div>\n<\/section>\n\n\n\n<div class=\"wp-block-group wp-pattern__color-spacer is-layout-constrained wp-block-group-is-layout-constrained\">\n<hr class=\"wp-block-separator has-text-color has-blue-3-color has-alpha-channel-opacity has-blue-3-background-color has-background wp-pattern__color-spacer__separator\"\/>\n<\/div>\n\n\n\n<section class=\"wp-block-group wp-pattern__text-two-cols wp-pattern__text-two-cols--spacer-color-right is-layout-constrained wp-block-group-is-layout-constrained\">\n<div class=\"wp-block-columns is-layout-flex wp-container-core-columns-is-layout-9d6595d7 wp-block-columns-is-layout-flex\">\n<div class=\"wp-block-column has-white-background-color has-background is-layout-flow wp-block-column-is-layout-flow\">\n<div class=\"wp-block-group is-layout-constrained wp-block-group-is-layout-constrained\">\n<h2 class=\"wp-block-heading\">Du diagnostic \u00e0 l\u2019appropriation \u00e0 long terme<\/h2>\n\n\n\n<p class=\"has-large-font-size\">Le programme a \u00e9t\u00e9 d\u00e9velopp\u00e9 en deux phases compl\u00e9mentaires, allant d\u2019un diagnostic approfondi et de la conception du programme \u00e0 sa mise \u00e0 l\u2019\u00e9chelle nationale et \u00e0 la planification des investissements.<\/p>\n<\/div>\n<\/div>\n\n\n\n<div class=\"wp-block-column has-green-1-background-color has-background is-layout-flow wp-block-column-is-layout-flow\">\n<div class=\"wp-block-group is-layout-constrained wp-block-group-is-layout-constrained\">\n<h4 class=\"wp-block-heading\">Phase 1 \u2013 Conception d\u2019un programme national bancable<\/h4>\n\n\n\n<p class=\"has-large-font-size\"><strong>Comprendre le syst\u00e8me avant d\u2019agir<\/strong><\/p>\n\n\n\n<p>Au cours de la premi\u00e8re phase, Econoler a r\u00e9alis\u00e9 une analyse approfondie des cadres r\u00e9glementaires, institutionnels et financiers r\u00e9gissant l\u2019efficacit\u00e9 \u00e9nerg\u00e9tique dans les b\u00e2timents publics.<\/p>\n\n\n\n<p><strong>Mobilisation des acteurs du march\u00e9 et des donn\u00e9es<\/strong><\/p>\n\n\n\n<p>L\u2019\u00e9quipe a \u00e9valu\u00e9 les conditions du march\u00e9 ainsi que les capacit\u00e9s des acteurs du secteur priv\u00e9 \u2014 notamment les ESCO, les auditeurs \u00e9nerg\u00e9tiques, les fournisseurs d\u2019\u00e9quipements et les installateurs \u2014 \u00e0 soutenir la mise en \u0153uvre du programme. Une base de donn\u00e9es compl\u00e8te sur la consommation \u00e9nerg\u00e9tique des b\u00e2timents publics du Grand Tunis a \u00e9galement \u00e9t\u00e9 d\u00e9velopp\u00e9e.<\/p>\n\n\n\n<p><strong>Transformer le potentiel en plan d\u2019investissement structur\u00e9<\/strong><\/p>\n\n\n\n<p>Econoler a men\u00e9 une \u00e9valuation d\u00e9taill\u00e9e du potentiel d\u2019\u00e9conomies d\u2019\u00e9nergie et des besoins d\u2019investissement dans les principaux sous-secteurs. Sur la base de ces analyses, l\u2019\u00e9quipe a propos\u00e9 des dispositifs institutionnels et financiers structurants, couvrant la gouvernance, les proc\u00e9dures contractuelles, les modalit\u00e9s op\u00e9rationnelles et les besoins et solutions de financement. L\u2019approche a \u00e9galement int\u00e9gr\u00e9 l\u2019\u00e9valuation des impacts sociaux et environnementaux et d\u2019identifier les besoins en renforcement des capacit\u00e9s afin de soutenir une mise en \u0153uvre durable.<\/p>\n\n\n\n<p><strong>De l\u2019\u00e9tude \u00e0 la signature des financements<\/strong><\/p>\n\n\n\n<p class=\"has-large-font-size\">Ces travaux ont abouti \u00e0 la conception d\u2019un programme d\u2019efficacit\u00e9 \u00e9nerg\u00e9tique enti\u00e8rement structur\u00e9, remis \u00e0 l\u2019ANME, \u00e0 la KfW et aux parties prenantes nationales. Ils ont directement soutenu la n\u00e9gociation et la signature, en 2020, d\u2019un accord de pr\u00eat de 15 millions d\u2019euros entre la KfW et le Gouvernement tunisien pour la premi\u00e8re phase du programme d\u2019efficacit\u00e9 \u00e9nerg\u00e9tique, en compl\u00e9ment d\u2019un programme solaire photovolta\u00efque de 30 millions d\u2019euros. Les deux ont \u00e9t\u00e9 int\u00e9gr\u00e9s au TEEP.<\/p>\n<\/div>\n\n\n\n<div class=\"wp-block-group is-layout-constrained wp-block-group-is-layout-constrained\">\n<div style=\"height:var(--wp--preset--spacing--lg)\" aria-hidden=\"true\" class=\"wp-block-spacer\"><\/div>\n<\/div>\n\n\n\n<h4 class=\"wp-block-heading\">Phase 2 \u2013 Pr\u00e9parer le d\u00e9ploiement \u00e0 l\u2019\u00e9chelle nationale<\/h4>\n\n\n\n<p><strong>\u00c9tendre l\u2019impact au-del\u00e0 du Grand Tunis<\/strong><\/p>\n\n\n\n<p>Afin de pr\u00e9parer une deuxi\u00e8me phase du programme, Econoler a \u00e9t\u00e9 mandat\u00e9e pour \u00e9tendre l\u2019analyse aux b\u00e2timents publics situ\u00e9s en dehors du Grand Tunis, en se concentrant sur les secteurs de la sant\u00e9 publique, de l\u2019enseignement sup\u00e9rieur et de l\u2019\u00e9ducation nationale.<\/p>\n\n\n\n<p><strong>D\u2019\u00e9chantillons repr\u00e9sentatifs \u00e0 des solutions r\u00e9plicables<\/strong><\/p>\n\n\n\n<p>Les activit\u00e9s ont inclus des diagnostics sectoriels, des pr\u00e9-audits de 53 institutions repr\u00e9sentatives, l\u2019identification de mesures phares d\u2019efficacit\u00e9 \u00e9nerg\u00e9tique r\u00e9plicables entre les secteurs, ainsi que l\u2019\u00e9valuation du potentiel d\u2019int\u00e9gration du solaire photovolta\u00efque selon des param\u00e8tres techniques, spatiaux et contractuels.<\/p>\n\n\n\n<p><strong>\u00c9laboration d\u2019une feuille de route nationale d\u2019investissement<\/strong><\/p>\n\n\n\n<p>Les r\u00e9sultats ont servi de base \u00e0 un programme national d\u2019investissement en efficacit\u00e9 \u00e9nerg\u00e9tique et en solaire photovolta\u00efque pour les b\u00e2timents publics situ\u00e9s hors du Grand Tunis, remis \u00e0 l\u2019ANME, \u00e0 la KfW et aux partenaires nationaux.<\/p>\n\n\n\n<div style=\"height:100px\" aria-hidden=\"true\" class=\"wp-block-spacer\"><\/div>\n\n\n\n<hr class=\"wp-block-separator has-text-color has-green-3-color has-alpha-channel-opacity has-green-3-background-color has-background\"\/>\n<\/div>\n<\/div>\n<\/section>\n\n\n\n<div class=\"wp-block-group wp-pattern__color-spacer is-layout-constrained wp-block-group-is-layout-constrained\">\n<hr class=\"wp-block-separator has-text-color has-blue-3-color has-alpha-channel-opacity has-blue-3-background-color has-background wp-pattern__color-spacer__separator\"\/>\n<\/div>\n\n\n\n<section class=\"wp-block-group wp-pattern__text-two-cols is-layout-constrained wp-block-group-is-layout-constrained\">\n<div class=\"wp-block-columns is-layout-flex wp-container-core-columns-is-layout-9d6595d7 wp-block-columns-is-layout-flex\">\n<div class=\"wp-block-column has-blue-1-background-color has-background is-layout-flow wp-block-column-is-layout-flow\">\n<div class=\"wp-block-group is-layout-constrained wp-block-group-is-layout-constrained\">\n<h2 class=\"wp-block-heading\">Au-del\u00e0 des projets : permettre un changement structurel<\/h2>\n\n\n\n<p class=\"has-large-font-size\"><\/p>\n<\/div>\n<\/div>\n\n\n\n<div class=\"wp-block-column has-grey-200-background-color has-background is-layout-flow wp-block-column-is-layout-flow\">\n<div class=\"wp-block-group is-layout-constrained wp-block-group-is-layout-constrained\">\n<p>Le projet a jou\u00e9 un r\u00f4le structurant dans la transition \u00e9nerg\u00e9tique du secteur public tunisien, en passant d\u2019initiatives ponctuelles \u00e0 une approche programmatique, int\u00e9gr\u00e9e et \u00e9volutive.<\/p>\n\n\n\n<p><br>En articulant solutions techniques, dispositifs institutionnels de bonne gouvernance et m\u00e9canismes financiers, le projet a contribu\u00e9 \u00e0 transformer les objectifs de transition \u00e9nerg\u00e9tique en instruments concrets et op\u00e9rationnels de politiques publiques.<\/p>\n<\/div>\n\n\n\n<div class=\"wp-block-group is-layout-constrained wp-block-group-is-layout-constrained\">\n<div style=\"height:var(--wp--preset--spacing--lg)\" aria-hidden=\"true\" class=\"wp-block-spacer\"><\/div>\n<\/div>\n<\/div>\n<\/div>\n<\/section>\n\n\n\n<div class=\"wp-block-group wp-pattern__color-spacer is-layout-constrained wp-block-group-is-layout-constrained\">\n<hr class=\"wp-block-separator has-text-color has-blue-3-color has-alpha-channel-opacity has-blue-3-background-color has-background wp-pattern__color-spacer__separator\"\/>\n<\/div>\n\n\n\n<div class=\"wp-block-group wp-pattern__color-spacer is-layout-constrained wp-block-group-is-layout-constrained\">\n<section class=\"wp-block-group wp-pattern__text-two-cols wp-pattern__text-two-cols--spacer-color-right is-layout-constrained wp-block-group-is-layout-constrained\">\n<div class=\"wp-block-columns is-layout-flex wp-container-core-columns-is-layout-9d6595d7 wp-block-columns-is-layout-flex\">\n<div class=\"wp-block-column is-layout-flow wp-block-column-is-layout-flow\">\n<div class=\"wp-block-group is-layout-constrained wp-block-group-is-layout-constrained\">\n<h2 class=\"wp-block-heading\">G\u00e9n\u00e9rer une valeur mesurable pour les institutions et les partenaires<\/h2>\n\n\n\n<p class=\"has-large-font-size\">La premi\u00e8re phase du programme TEEP a g\u00e9n\u00e9r\u00e9 des impacts significatifs et quantifiables pour les institutions publiques et les parties prenantes nationales.<\/p>\n<\/div>\n\n\n\n<div class=\"wp-block-group is-layout-constrained wp-block-group-is-layout-constrained\">\n<div style=\"height:var(--wp--preset--spacing--lg)\" aria-hidden=\"true\" class=\"wp-block-spacer\"><\/div>\n<\/div>\n\n\n\n<p>R\u00e9sultats concrets \u00e0 grande \u00e9chelle :<\/p>\n\n\n\n<ul class=\"wp-block-list\">\n<li>20 GWh\/an d\u2019\u00e9conomies d\u2019\u00e9nergie gr\u00e2ce \u00e0 un investissement de 15 millions d\u2019euros en efficacit\u00e9 \u00e9nerg\u00e9tique<\/li>\n\n\n\n<li>11 500 tCO\u2082\u00e9q\/an \u00e9vit\u00e9es gr\u00e2ce aux mesures d\u2019efficacit\u00e9 \u00e9nerg\u00e9tique<\/li>\n\n\n\n<li>42,75 GWh\/an d\u2019\u00e9lectricit\u00e9 propre produite \u00e0 partir d\u2019un investissement solaire photovolta\u00efque de 34 millions d\u2019euros, \u00e9vitant 23 500 tCO\u2082\u00e9q\/an<\/li>\n<\/ul>\n\n\n\n<p><strong>Renforcement de la gouvernance \u00e9nerg\u00e9tique<\/strong><\/p>\n\n\n\n<p>Le programme a \u00e9galement permis le d\u00e9ploiement d\u2019une plateforme de collecte de donn\u00e9es et de benchmarking, renfor\u00e7ant le suivi de la performance \u00e9nerg\u00e9tique et l\u2019am\u00e9lioration continue dans les b\u00e2timents publics.<\/p>\n<\/div>\n\n\n\n<div class=\"wp-block-column has-blue-2-background-color has-background is-layout-flow wp-block-column-is-layout-flow\">\n<hr class=\"wp-block-separator has-text-color has-blue-1-color has-alpha-channel-opacity has-blue-1-background-color has-background\"\/>\n<\/div>\n<\/div>\n<\/section>\n\n\n\n<hr class=\"wp-block-separator has-text-color has-green-4-color has-alpha-channel-opacity has-green-4-background-color has-background wp-pattern__color-spacer__separator\"\/>\n<\/div>\n\n\n\n<div style=\"height:var(--wp--preset--spacing--sm)\" aria-hidden=\"true\" class=\"wp-block-spacer\"><\/div>\n\n\n\n<h2 class=\"wp-block-heading\">Chiffres cl\u00e9s<\/h2>\n\n\n\n<div style=\"height:var(--wp--preset--spacing--md)\" aria-hidden=\"true\" class=\"wp-block-spacer\"><\/div>\n\n\n\n<section class=\"wp-block-group wp-pattern__slider-3-columns-numbers slider__swiper is-layout-constrained wp-block-group-is-layout-constrained\">\n<div class=\"wp-block-columns swiper-wrapper is-layout-flex wp-container-core-columns-is-layout-9d6595d7 wp-block-columns-is-layout-flex\">\n<div class=\"wp-block-column swiper-slide is-layout-flow wp-block-column-is-layout-flow\">\n<h4 class=\"wp-block-heading\">15 millions d\u2019euros<\/h4>\n\n\n\n<p>investis en efficacit\u00e9 \u00e9nerg\u00e9tique<\/p>\n<\/div>\n\n\n\n<div class=\"wp-block-column swiper-slide is-layout-flow wp-block-column-is-layout-flow\">\n<h4 class=\"wp-block-heading\">34 millions d\u2019euros<\/h4>\n\n\n\n<p>investis en solaire photovolta\u00efque<\/p>\n<\/div>\n\n\n\n<div class=\"wp-block-column swiper-slide is-layout-flow wp-block-column-is-layout-flow\">\n<h2 class=\"wp-block-heading\">20 GWh\/an<\/h2>\n\n\n\n<p>d\u2019\u00e9conomies d\u2019\u00e9nergie<\/p>\n<\/div>\n<\/div>\n\n\n\n<div class=\"wp-block-columns swiper-wrapper is-layout-flex wp-container-core-columns-is-layout-9d6595d7 wp-block-columns-is-layout-flex\">\n<div class=\"wp-block-column swiper-slide is-layout-flow wp-block-column-is-layout-flow\">\n<h4 class=\"wp-block-heading\">42,75 GWh\/an<\/h4>\n\n\n\n<p>d\u2019\u00e9lectricit\u00e9 propre produite<\/p>\n<\/div>\n\n\n\n<div class=\"wp-block-column swiper-slide is-layout-flow wp-block-column-is-layout-flow\">\n<h4 class=\"wp-block-heading\">35 000 tCO\u2082\u00e9q\/an<\/h4>\n\n\n\n<p>d\u2019\u00e9missions totales \u00e9vit\u00e9es<\/p>\n<\/div>\n\n\n\n<div class=\"wp-block-column swiper-slide is-layout-flow wp-block-column-is-layout-flow\">\n<h2 class=\"wp-block-heading\">53 institutions publiques<\/h2>\n\n\n\n<p>pr\u00e9-audit\u00e9es lors de la phase 2<\/p>\n<\/div>\n<\/div>\n<\/section>\n\n\n\n<div style=\"height:var(--wp--preset--spacing--sm)\" aria-hidden=\"true\" class=\"wp-block-spacer\"><\/div>\n\n\n\n<div class=\"wp-block-group wp-pattern__color-spacer is-layout-constrained wp-block-group-is-layout-constrained\">\n<hr class=\"wp-block-separator has-text-color has-green-3-color has-alpha-channel-opacity has-green-3-background-color has-background wp-pattern__color-spacer__separator\"\/>\n<\/div>\n\n\n\n<section class=\"wp-block-group wp-pattern__text-image has-blue-3-background-color has-background is-layout-constrained wp-block-group-is-layout-constrained\">\n<div class=\"wp-block-columns is-layout-flex wp-container-core-columns-is-layout-9d6595d7 wp-block-columns-is-layout-flex\">\n<div class=\"wp-block-column wp-pattern__text-image__image is-layout-flow wp-block-column-is-layout-flow\" style=\"flex-basis:50%\">\n<figure class=\"wp-block-image size-full\"><img loading=\"lazy\" decoding=\"async\" width=\"3234\" height=\"4938\" src=\"https:\/\/econoler.com\/wp-content\/uploads\/2026\/04\/haythem-gataa-kvzigbgs2hs-unsplash.jpg\" alt=\"\" class=\"wp-image-6724\" srcset=\"https:\/\/econoler.com\/wp-content\/uploads\/2026\/04\/haythem-gataa-kvzigbgs2hs-unsplash.jpg 3234w, https:\/\/econoler.com\/wp-content\/uploads\/2026\/04\/haythem-gataa-kvzigbgs2hs-unsplash-196x300.jpg 196w, https:\/\/econoler.com\/wp-content\/uploads\/2026\/04\/haythem-gataa-kvzigbgs2hs-unsplash-671x1024.jpg 671w, https:\/\/econoler.com\/wp-content\/uploads\/2026\/04\/haythem-gataa-kvzigbgs2hs-unsplash-800x1222.jpg 800w, https:\/\/econoler.com\/wp-content\/uploads\/2026\/04\/haythem-gataa-kvzigbgs2hs-unsplash-1200x1832.jpg 1200w, https:\/\/econoler.com\/wp-content\/uploads\/2026\/04\/haythem-gataa-kvzigbgs2hs-unsplash-1600x2443.jpg 1600w, https:\/\/econoler.com\/wp-content\/uploads\/2026\/04\/haythem-gataa-kvzigbgs2hs-unsplash-2000x3054.jpg 2000w\" sizes=\"auto, (max-width: 3234px) 100vw, 3234px\" \/><\/figure>\n<\/div>\n\n\n\n<div class=\"wp-block-column wp-pattern__text-image__content is-layout-flow wp-block-column-is-layout-flow\" style=\"flex-basis:50%\">\n<div class=\"wp-block-group wp-pattern__text-image__content__inner is-vertical is-content-justification-space-between is-layout-flex wp-container-core-group-is-layout-b46f1e35 wp-block-group-is-layout-flex\">\n<div class=\"wp-block-group wp-pattern__text-image__content__title-text is-layout-flow wp-block-group-is-layout-flow\">\n<h2 class=\"wp-block-heading wp-pattern__text-image__content__title-text__title has-white-color has-text-color has-link-color wp-elements-bf9163a575edf03d9adb0b5c821429d5\">Poser les bases d\u2019une transformation durable<\/h2>\n\n\n\n<p class=\"wp-pattern__text-image__content__title-text__text has-white-color has-text-color has-link-color wp-elements-8d65a6bd257a228acb44f3ca16f0c862\">Au-del\u00e0 des \u00e9conomies d\u2019\u00e9nergie et des r\u00e9ductions d\u2019\u00e9missions, le programme TEEP a jet\u00e9 les bases d\u2019une transformations structurelle durable du secteur public tunisien.<\/p>\n\n\n\n<p>En traduisant les objectifs nationaux de d\u00e9carbonation en investissements tangibles et en pratiques am\u00e9lior\u00e9es de gestion de l\u2019\u00e9nergie, le programme \u00e9rige les b\u00e2timents publics en vitrines d\u2019exemplarit\u00e9 et en moteurs de la transition \u00e9nerg\u00e9tique.<\/p>\n\n\n\n<p class=\"wp-pattern__text-image__content__title-text__text has-white-color has-text-color has-link-color wp-elements-8dc8d73ae86705d44dc2b9f453ce8b00\">En d\u00e9montrant la faisabilit\u00e9 et la reproductibilit\u00e9 de cette approche, le TEEP constitue aujourd\u2019hui un mod\u00e8le structurant r\u00e9plicable capable d\u2019acc\u00e9l\u00e9rer la d\u00e9carbonation d\u2019autres secteurs cl\u00e9s de l\u2019\u00e9conomie tunisienne.<\/p>\n<\/div>\n\n\n\n<div class=\"wp-block-group wp-pattern__text-image__content__link is-layout-flow wp-block-group-is-layout-flow\">\n<div class=\"wp-block-buttons is-layout-flex wp-block-buttons-is-layout-flex\">\n<div class=\"wp-block-button\"><a class=\"wp-block-button__link wp-element-button\" href=\"https:\/\/econoler.com\/fr\/services\/analyses-energetiques-audits-identification-de-projets-dee-et-mesurage-et-verification-des-economies-denergie\/\">En savoir plus sur les audits \u00e9nerg\u00e9tiques<\/a><\/div>\n<\/div>\n<\/div>\n<\/div>\n<\/div>\n<\/div>\n<\/section>\n","protected":false},"excerpt":{"rendered":"<p>De l\u2019ambition politique \u00e0 l\u2019action concr\u00e8te : la transition \u00e9nerg\u00e9tique dans les institutions publiques en Tunisie (TEEP)<\/p>\n","protected":false},"featured_media":6726,"template":"","class_list":["post-6727","case_study","type-case_study","status-publish","has-post-thumbnail","hentry"],"acf":[],"yoast_head":"<!-- This site is optimized with the Yoast SEO plugin v27.0 - https:\/\/yoast.com\/product\/yoast-seo-wordpress\/ -->\n<title>Concevoir un programme de transition \u00e9nerg\u00e9tique bancable faisant des b\u00e2timents publics des moteurs du changement durable | Econoler<\/title>\n<meta name=\"robots\" content=\"index, follow, max-snippet:-1, max-image-preview:large, max-video-preview:-1\" \/>\n<link rel=\"canonical\" href=\"https:\/\/econoler.com\/fr\/etudes-de-cas\/concevoir-un-programme-de-transition-energetique-bancable-faisant-des-batiments-publics-des-moteurs-du-changement-durable\/\" \/>\n<meta property=\"og:locale\" content=\"fr_FR\" \/>\n<meta property=\"og:type\" content=\"article\" \/>\n<meta property=\"og:title\" content=\"Concevoir un programme de transition \u00e9nerg\u00e9tique bancable faisant des b\u00e2timents publics des moteurs du changement durable | Econoler\" \/>\n<meta property=\"og:description\" content=\"De l\u2019ambition politique \u00e0 l\u2019action concr\u00e8te : la transition \u00e9nerg\u00e9tique dans les institutions publiques en Tunisie (TEEP)\" \/>\n<meta property=\"og:url\" content=\"https:\/\/econoler.com\/fr\/etudes-de-cas\/concevoir-un-programme-de-transition-energetique-bancable-faisant-des-batiments-publics-des-moteurs-du-changement-durable\/\" \/>\n<meta property=\"og:site_name\" content=\"Econoler\" \/>\n<meta property=\"article:modified_time\" content=\"2026-04-24T17:45:12+00:00\" \/>\n<meta property=\"og:image\" content=\"https:\/\/econoler.com\/wp-content\/uploads\/2026\/04\/noelle-guirola-5nquxa6pzdm-unsplash-1024x683.jpg\" \/>\n\t<meta property=\"og:image:width\" content=\"1024\" \/>\n\t<meta property=\"og:image:height\" content=\"683\" \/>\n\t<meta property=\"og:image:type\" content=\"image\/jpeg\" \/>\n<meta name=\"twitter:card\" content=\"summary_large_image\" \/>\n<meta name=\"twitter:label1\" content=\"Dur\u00e9e de lecture estim\u00e9e\" \/>\n\t<meta name=\"twitter:data1\" content=\"4 minutes\" \/>\n<!-- \/ Yoast SEO plugin. -->","yoast_head_json":{"title":"Concevoir un programme de transition \u00e9nerg\u00e9tique bancable faisant des b\u00e2timents publics des moteurs du changement durable | Econoler","robots":{"index":"index","follow":"follow","max-snippet":"max-snippet:-1","max-image-preview":"max-image-preview:large","max-video-preview":"max-video-preview:-1"},"canonical":"https:\/\/econoler.com\/fr\/etudes-de-cas\/concevoir-un-programme-de-transition-energetique-bancable-faisant-des-batiments-publics-des-moteurs-du-changement-durable\/","og_locale":"fr_FR","og_type":"article","og_title":"Concevoir un programme de transition \u00e9nerg\u00e9tique bancable faisant des b\u00e2timents publics des moteurs du changement durable | Econoler","og_description":"De l\u2019ambition politique \u00e0 l\u2019action concr\u00e8te : la transition \u00e9nerg\u00e9tique dans les institutions publiques en Tunisie (TEEP)","og_url":"https:\/\/econoler.com\/fr\/etudes-de-cas\/concevoir-un-programme-de-transition-energetique-bancable-faisant-des-batiments-publics-des-moteurs-du-changement-durable\/","og_site_name":"Econoler","article_modified_time":"2026-04-24T17:45:12+00:00","og_image":[{"width":1024,"height":683,"url":"https:\/\/econoler.com\/wp-content\/uploads\/2026\/04\/noelle-guirola-5nquxa6pzdm-unsplash-1024x683.jpg","type":"image\/jpeg"}],"twitter_card":"summary_large_image","twitter_misc":{"Dur\u00e9e de lecture estim\u00e9e":"4 minutes"},"schema":{"@context":"https:\/\/schema.org","@graph":[{"@type":"WebPage","@id":"https:\/\/econoler.com\/fr\/etudes-de-cas\/concevoir-un-programme-de-transition-energetique-bancable-faisant-des-batiments-publics-des-moteurs-du-changement-durable\/","url":"https:\/\/econoler.com\/fr\/etudes-de-cas\/concevoir-un-programme-de-transition-energetique-bancable-faisant-des-batiments-publics-des-moteurs-du-changement-durable\/","name":"Concevoir un programme de transition \u00e9nerg\u00e9tique bancable faisant des b\u00e2timents publics des moteurs du changement durable | Econoler","isPartOf":{"@id":"https:\/\/econoler.com\/fr\/#website"},"primaryImageOfPage":{"@id":"https:\/\/econoler.com\/fr\/etudes-de-cas\/concevoir-un-programme-de-transition-energetique-bancable-faisant-des-batiments-publics-des-moteurs-du-changement-durable\/#primaryimage"},"image":{"@id":"https:\/\/econoler.com\/fr\/etudes-de-cas\/concevoir-un-programme-de-transition-energetique-bancable-faisant-des-batiments-publics-des-moteurs-du-changement-durable\/#primaryimage"},"thumbnailUrl":"https:\/\/econoler.com\/wp-content\/uploads\/2026\/04\/noelle-guirola-5nquxa6pzdm-unsplash.jpg","datePublished":"2026-04-24T17:34:47+00:00","dateModified":"2026-04-24T17:45:12+00:00","breadcrumb":{"@id":"https:\/\/econoler.com\/fr\/etudes-de-cas\/concevoir-un-programme-de-transition-energetique-bancable-faisant-des-batiments-publics-des-moteurs-du-changement-durable\/#breadcrumb"},"inLanguage":"fr-FR","potentialAction":[{"@type":"ReadAction","target":["https:\/\/econoler.com\/fr\/etudes-de-cas\/concevoir-un-programme-de-transition-energetique-bancable-faisant-des-batiments-publics-des-moteurs-du-changement-durable\/"]}]},{"@type":"ImageObject","inLanguage":"fr-FR","@id":"https:\/\/econoler.com\/fr\/etudes-de-cas\/concevoir-un-programme-de-transition-energetique-bancable-faisant-des-batiments-publics-des-moteurs-du-changement-durable\/#primaryimage","url":"https:\/\/econoler.com\/wp-content\/uploads\/2026\/04\/noelle-guirola-5nquxa6pzdm-unsplash.jpg","contentUrl":"https:\/\/econoler.com\/wp-content\/uploads\/2026\/04\/noelle-guirola-5nquxa6pzdm-unsplash.jpg","width":5184,"height":3456},{"@type":"BreadcrumbList","@id":"https:\/\/econoler.com\/fr\/etudes-de-cas\/concevoir-un-programme-de-transition-energetique-bancable-faisant-des-batiments-publics-des-moteurs-du-changement-durable\/#breadcrumb","itemListElement":[{"@type":"ListItem","position":1,"name":"Accueil","item":"https:\/\/econoler.com\/fr\/"},{"@type":"ListItem","position":2,"name":"R\u00e9alisations","item":"https:\/\/econoler.com\/fr\/etudes-de-cas\/"},{"@type":"ListItem","position":3,"name":"Concevoir un programme de transition \u00e9nerg\u00e9tique bancable faisant des b\u00e2timents publics des moteurs du changement durable"}]},{"@type":"WebSite","@id":"https:\/\/econoler.com\/fr\/#website","url":"https:\/\/econoler.com\/fr\/","name":"Econoler","description":"","potentialAction":[{"@type":"SearchAction","target":{"@type":"EntryPoint","urlTemplate":"https:\/\/econoler.com\/fr\/?s={search_term_string}"},"query-input":{"@type":"PropertyValueSpecification","valueRequired":true,"valueName":"search_term_string"}}],"inLanguage":"fr-FR"}]}},"_links":{"self":[{"href":"https:\/\/econoler.com\/fr\/wp-json\/wp\/v2\/case_study\/6727","targetHints":{"allow":["GET"]}}],"collection":[{"href":"https:\/\/econoler.com\/fr\/wp-json\/wp\/v2\/case_study"}],"about":[{"href":"https:\/\/econoler.com\/fr\/wp-json\/wp\/v2\/types\/case_study"}],"wp:featuredmedia":[{"embeddable":true,"href":"https:\/\/econoler.com\/fr\/wp-json\/wp\/v2\/media\/6726"}],"wp:attachment":[{"href":"https:\/\/econoler.com\/fr\/wp-json\/wp\/v2\/media?parent=6727"}],"curies":[{"name":"wp","href":"https:\/\/api.w.org\/{rel}","templated":true}]}}